{"id":8024,"date":"2024-03-05T20:30:10","date_gmt":"2024-03-05T18:30:10","guid":{"rendered":"https:\/\/www.corteparma.it\/charcuterie\/nuvoletta-maxi\/"},"modified":"2025-02-24T18:13:01","modified_gmt":"2025-02-24T16:13:01","slug":"nuvoletta-maxi","status":"publish","type":"page","link":"https:\/\/www.corteparma.it\/fr\/charcuterie\/nuvoletta-maxi\/","title":{"rendered":"Nuvoletta Maxi"},"content":{"rendered":"\t\t<div data-elementor-type=\"wp-page\" data-elementor-id=\"8024\" class=\"elementor elementor-8024\" data-elementor-post-type=\"page\">\n\t\t\t\t\t\t<section class=\"elementor-section elementor-top-section elementor-element elementor-element-9dbf110 elementor-section-height-min-height elementor-section-stretched elementor-section-content-middle elementor-section-boxed elementor-section-height-default elementor-section-items-middle elementor-invisible\" data-id=\"9dbf110\" data-element_type=\"section\" data-e-type=\"section\" data-settings=\"{&quot;stretch_section&quot;:&quot;section-stretched&quot;,&quot;background_background&quot;:&quot;classic&quot;,&quot;animation&quot;:&quot;fadeIn&quot;,&quot;animation_delay&quot;:100}\">\n\t\t\t\t\t\t\t<div class=\"elementor-background-overlay\"><\/div>\n\t\t\t\t\t\t\t<div class=\"elementor-container elementor-column-gap-default\">\n\t\t\t\t\t<div class=\"elementor-column elementor-col-100 elementor-top-column elementor-element elementor-element-5fc49c6\" data-id=\"5fc49c6\" data-element_type=\"column\" data-e-type=\"column\">\n\t\t\t<div class=\"elementor-widget-wrap elementor-element-populated\">\n\t\t\t\t\t\t<div class=\"elementor-element elementor-element-97c13d6 elementor-widget__width-initial elementor-widget elementor-widget-text-editor\" data-id=\"97c13d6\" data-element_type=\"widget\" data-e-type=\"widget\" data-widget_type=\"text-editor.default\">\n\t\t\t\t<div class=\"elementor-widget-container\">\n\t\t\t\t\t\t\t\t\t<p>CHARCUTERIE<br \/>NUVOLETTA MAXI<\/p>\n\t\t\t\t\t\t\t\t<\/div>\n\t\t\t\t<\/div>\n\t\t\t\t\t<\/div>\n\t\t<\/div>\n\t\t\t\t\t<\/div>\n\t\t<\/section>\n\t\t\t\t<section class=\"elementor-section elementor-top-section elementor-element elementor-element-7c398e4 elementor-section-stretched elementor-section-boxed elementor-section-height-default elementor-section-height-default elementor-invisible\" data-id=\"7c398e4\" data-element_type=\"section\" data-e-type=\"section\" data-settings=\"{&quot;stretch_section&quot;:&quot;section-stretched&quot;,&quot;background_background&quot;:&quot;classic&quot;,&quot;sticky&quot;:&quot;top&quot;,&quot;animation&quot;:&quot;fadeIn&quot;,&quot;animation_delay&quot;:150,&quot;sticky_on&quot;:[&quot;desktop&quot;,&quot;tablet&quot;,&quot;mobile&quot;],&quot;sticky_offset&quot;:0,&quot;sticky_effects_offset&quot;:0,&quot;sticky_anchor_link_offset&quot;:0}\">\n\t\t\t\t\t\t<div class=\"elementor-container elementor-column-gap-default\">\n\t\t\t\t\t<div class=\"elementor-column elementor-col-100 elementor-top-column elementor-element elementor-element-ff9ba63\" data-id=\"ff9ba63\" data-element_type=\"column\" data-e-type=\"column\">\n\t\t\t<div class=\"elementor-widget-wrap elementor-element-populated\">\n\t\t\t\t\t\t<div class=\"elementor-element elementor-element-3a30eac elementor-nav-menu--dropdown-none elementor-widget__width-auto elementor-nav-menu__align-center elementor-hidden-mobile elementor-widget elementor-widget-nav-menu\" data-id=\"3a30eac\" data-element_type=\"widget\" data-e-type=\"widget\" data-settings=\"{&quot;layout&quot;:&quot;horizontal&quot;,&quot;submenu_icon&quot;:{&quot;value&quot;:&quot;&lt;i class=\\&quot;fas fa-caret-down\\&quot; aria-hidden=\\&quot;true\\&quot;&gt;&lt;\\\/i&gt;&quot;,&quot;library&quot;:&quot;fa-solid&quot;}}\" data-widget_type=\"nav-menu.default\">\n\t\t\t\t<div class=\"elementor-widget-container\">\n\t\t\t\t\t\t\t\t<nav aria-label=\"Menu\" class=\"elementor-nav-menu--main elementor-nav-menu__container elementor-nav-menu--layout-horizontal e--pointer-none\">\n\t\t\t\t<ul id=\"menu-1-3a30eac\" class=\"elementor-nav-menu\"><li class=\"menu-item menu-item-type-post_type menu-item-object-page menu-item-5905\"><a href=\"https:\/\/www.corteparma.it\/i-nostri-salumi\/nuvoletta-maxi\/\" class=\"elementor-item\">Nuvoletta Maxi<\/a><\/li>\n<li class=\"menu-item menu-item-type-post_type menu-item-object-page menu-item-5906\"><a href=\"https:\/\/www.corteparma.it\/i-nostri-salumi\/nuvoletta\/\" class=\"elementor-item\">Nuvoletta<\/a><\/li>\n<li class=\"menu-item menu-item-type-post_type menu-item-object-page menu-item-5904\"><a href=\"https:\/\/www.corteparma.it\/i-nostri-salumi\/vassoio\/\" class=\"elementor-item\">Vassoio<\/a><\/li>\n<li class=\"menu-item menu-item-type-post_type menu-item-object-page menu-item-5903\"><a href=\"https:\/\/www.corteparma.it\/i-nostri-salumi\/vassoietto\/\" class=\"elementor-item\">Vassoietto<\/a><\/li>\n<li class=\"menu-item menu-item-type-post_type menu-item-object-page menu-item-6443\"><a href=\"https:\/\/www.corteparma.it\/i-nostri-salumi\/ulivo\/\" class=\"elementor-item\">Ulivo<\/a><\/li>\n<\/ul>\t\t\t<\/nav>\n\t\t\t\t\t\t<nav class=\"elementor-nav-menu--dropdown elementor-nav-menu__container\" aria-hidden=\"true\">\n\t\t\t\t<ul id=\"menu-2-3a30eac\" class=\"elementor-nav-menu\"><li class=\"menu-item menu-item-type-post_type menu-item-object-page menu-item-5905\"><a href=\"https:\/\/www.corteparma.it\/i-nostri-salumi\/nuvoletta-maxi\/\" class=\"elementor-item\" tabindex=\"-1\">Nuvoletta Maxi<\/a><\/li>\n<li class=\"menu-item menu-item-type-post_type menu-item-object-page menu-item-5906\"><a href=\"https:\/\/www.corteparma.it\/i-nostri-salumi\/nuvoletta\/\" class=\"elementor-item\" tabindex=\"-1\">Nuvoletta<\/a><\/li>\n<li class=\"menu-item menu-item-type-post_type menu-item-object-page menu-item-5904\"><a href=\"https:\/\/www.corteparma.it\/i-nostri-salumi\/vassoio\/\" class=\"elementor-item\" tabindex=\"-1\">Vassoio<\/a><\/li>\n<li class=\"menu-item menu-item-type-post_type menu-item-object-page menu-item-5903\"><a href=\"https:\/\/www.corteparma.it\/i-nostri-salumi\/vassoietto\/\" class=\"elementor-item\" tabindex=\"-1\">Vassoietto<\/a><\/li>\n<li class=\"menu-item menu-item-type-post_type menu-item-object-page menu-item-6443\"><a href=\"https:\/\/www.corteparma.it\/i-nostri-salumi\/ulivo\/\" class=\"elementor-item\" tabindex=\"-1\">Ulivo<\/a><\/li>\n<\/ul>\t\t\t<\/nav>\n\t\t\t\t\t\t<\/div>\n\t\t\t\t<\/div>\n\t\t\t\t<div class=\"elementor-element elementor-element-4b17574 elementor-nav-menu--dropdown-none elementor-widget__width-auto elementor-nav-menu__align-center elementor-hidden-desktop elementor-hidden-tablet elementor-widget elementor-widget-nav-menu\" data-id=\"4b17574\" data-element_type=\"widget\" data-e-type=\"widget\" data-settings=\"{&quot;layout&quot;:&quot;vertical&quot;,&quot;submenu_icon&quot;:{&quot;value&quot;:&quot;&lt;i class=\\&quot;fas fa-caret-down\\&quot; aria-hidden=\\&quot;true\\&quot;&gt;&lt;\\\/i&gt;&quot;,&quot;library&quot;:&quot;fa-solid&quot;}}\" data-widget_type=\"nav-menu.default\">\n\t\t\t\t<div class=\"elementor-widget-container\">\n\t\t\t\t\t\t\t\t<nav aria-label=\"Menu\" class=\"elementor-nav-menu--main elementor-nav-menu__container elementor-nav-menu--layout-vertical e--pointer-none\">\n\t\t\t\t<ul id=\"menu-1-4b17574\" class=\"elementor-nav-menu sm-vertical\"><li class=\"menu-item menu-item-type-post_type menu-item-object-page menu-item-5905\"><a href=\"https:\/\/www.corteparma.it\/i-nostri-salumi\/nuvoletta-maxi\/\" class=\"elementor-item\">Nuvoletta Maxi<\/a><\/li>\n<li class=\"menu-item menu-item-type-post_type menu-item-object-page menu-item-5906\"><a href=\"https:\/\/www.corteparma.it\/i-nostri-salumi\/nuvoletta\/\" class=\"elementor-item\">Nuvoletta<\/a><\/li>\n<li class=\"menu-item menu-item-type-post_type menu-item-object-page menu-item-5904\"><a href=\"https:\/\/www.corteparma.it\/i-nostri-salumi\/vassoio\/\" class=\"elementor-item\">Vassoio<\/a><\/li>\n<li class=\"menu-item menu-item-type-post_type menu-item-object-page menu-item-5903\"><a href=\"https:\/\/www.corteparma.it\/i-nostri-salumi\/vassoietto\/\" class=\"elementor-item\">Vassoietto<\/a><\/li>\n<li class=\"menu-item menu-item-type-post_type menu-item-object-page menu-item-6443\"><a href=\"https:\/\/www.corteparma.it\/i-nostri-salumi\/ulivo\/\" class=\"elementor-item\">Ulivo<\/a><\/li>\n<\/ul>\t\t\t<\/nav>\n\t\t\t\t\t\t<nav class=\"elementor-nav-menu--dropdown elementor-nav-menu__container\" aria-hidden=\"true\">\n\t\t\t\t<ul id=\"menu-2-4b17574\" class=\"elementor-nav-menu sm-vertical\"><li class=\"menu-item menu-item-type-post_type menu-item-object-page menu-item-5905\"><a href=\"https:\/\/www.corteparma.it\/i-nostri-salumi\/nuvoletta-maxi\/\" class=\"elementor-item\" tabindex=\"-1\">Nuvoletta Maxi<\/a><\/li>\n<li class=\"menu-item menu-item-type-post_type menu-item-object-page menu-item-5906\"><a href=\"https:\/\/www.corteparma.it\/i-nostri-salumi\/nuvoletta\/\" class=\"elementor-item\" tabindex=\"-1\">Nuvoletta<\/a><\/li>\n<li class=\"menu-item menu-item-type-post_type menu-item-object-page menu-item-5904\"><a href=\"https:\/\/www.corteparma.it\/i-nostri-salumi\/vassoio\/\" class=\"elementor-item\" tabindex=\"-1\">Vassoio<\/a><\/li>\n<li class=\"menu-item menu-item-type-post_type menu-item-object-page menu-item-5903\"><a href=\"https:\/\/www.corteparma.it\/i-nostri-salumi\/vassoietto\/\" class=\"elementor-item\" tabindex=\"-1\">Vassoietto<\/a><\/li>\n<li class=\"menu-item menu-item-type-post_type menu-item-object-page menu-item-6443\"><a href=\"https:\/\/www.corteparma.it\/i-nostri-salumi\/ulivo\/\" class=\"elementor-item\" tabindex=\"-1\">Ulivo<\/a><\/li>\n<\/ul>\t\t\t<\/nav>\n\t\t\t\t\t\t<\/div>\n\t\t\t\t<\/div>\n\t\t\t\t\t<\/div>\n\t\t<\/div>\n\t\t\t\t\t<\/div>\n\t\t<\/section>\n\t\t\t\t<section class=\"elementor-section elementor-top-section elementor-element elementor-element-358834b elementor-section-content-middle elementor-section-boxed elementor-section-height-default elementor-section-height-default\" data-id=\"358834b\" data-element_type=\"section\" data-e-type=\"section\">\n\t\t\t\t\t\t<div class=\"elementor-container elementor-column-gap-default\">\n\t\t\t\t\t<div class=\"elementor-column elementor-col-100 elementor-top-column elementor-element elementor-element-fb2fdcc\" data-id=\"fb2fdcc\" data-element_type=\"column\" data-e-type=\"column\">\n\t\t\t<div class=\"elementor-widget-wrap elementor-element-populated\">\n\t\t\t\t\t\t<div class=\"elementor-element elementor-element-d215763 elementor-widget__width-initial elementor-widget elementor-widget-text-editor\" data-id=\"d215763\" data-element_type=\"widget\" data-e-type=\"widget\" data-widget_type=\"text-editor.default\">\n\t\t\t\t<div class=\"elementor-widget-container\">\n\t\t\t\t\t\t\t\t\t<p>Des tranches ultrafines compar\u00e9 \u00e0 la moyenne du march\u00e9, pour une explosion imm\u00e9diate de saveur.<br \/>La m\u00eame fra\u00eecheur et le m\u00eame go\u00fbt que les Nuvolette mais en format familial.<\/p>\n<p><strong>140 g &#8211; 180 g<\/strong><\/p>\n\t\t\t\t\t\t\t\t<\/div>\n\t\t\t\t<\/div>\n\t\t\t\t\t<\/div>\n\t\t<\/div>\n\t\t\t\t\t<\/div>\n\t\t<\/section>\n\t\t\t\t<section class=\"elementor-section elementor-top-section elementor-element elementor-element-be168ba elementor-section-stretched elementor-section-boxed elementor-section-height-default elementor-section-height-default\" data-id=\"be168ba\" data-element_type=\"section\" data-e-type=\"section\" data-settings=\"{&quot;stretch_section&quot;:&quot;section-stretched&quot;,&quot;background_background&quot;:&quot;classic&quot;}\">\n\t\t\t\t\t\t<div class=\"elementor-container elementor-column-gap-default\">\n\t\t\t\t\t<div class=\"elementor-column elementor-col-25 elementor-top-column elementor-element elementor-element-fdaadc6\" data-id=\"fdaadc6\" data-element_type=\"column\" data-e-type=\"column\" data-settings=\"{&quot;background_background&quot;:&quot;classic&quot;}\">\n\t\t\t<div class=\"elementor-widget-wrap elementor-element-populated\">\n\t\t\t\t\t<div class=\"elementor-background-overlay\"><\/div>\n\t\t\t\t\t\t<div class=\"elementor-element elementor-element-b02a302 elementor-widget elementor-widget-image\" data-id=\"b02a302\" data-element_type=\"widget\" data-e-type=\"widget\" data-widget_type=\"image.default\">\n\t\t\t\t<div class=\"elementor-widget-container\">\n\t\t\t\t\t\t\t\t\t\t\t\t\t\t\t\t<a href=\"#elementor-action%3Aaction%3Dpopup%3Aopen%26settings%3DeyJpZCI6IjY4ODYiLCJ0b2dnbGUiOmZhbHNlfQ%3D%3D\">\n\t\t\t\t\t\t\t<img fetchpriority=\"high\" decoding=\"async\" width=\"430\" height=\"430\" src=\"https:\/\/www.corteparma.it\/wp-content\/uploads\/2024\/03\/immagine-prosciutto-crudo-nuvoletta-maxi-e1712066491779.jpg\" class=\"attachment-large size-large wp-image-6007\" alt=\"\" srcset=\"https:\/\/www.corteparma.it\/wp-content\/uploads\/2024\/03\/immagine-prosciutto-crudo-nuvoletta-maxi-e1712066491779.jpg 430w, https:\/\/www.corteparma.it\/wp-content\/uploads\/2024\/03\/immagine-prosciutto-crudo-nuvoletta-maxi-e1712066491779-300x300.jpg 300w, https:\/\/www.corteparma.it\/wp-content\/uploads\/2024\/03\/immagine-prosciutto-crudo-nuvoletta-maxi-e1712066491779-150x150.jpg 150w\" sizes=\"(max-width: 430px) 100vw, 430px\" \/>\t\t\t\t\t\t\t\t<\/a>\n\t\t\t\t\t\t\t\t\t\t\t\t\t\t\t<\/div>\n\t\t\t\t<\/div>\n\t\t\t\t<div class=\"elementor-element elementor-element-0d482e0 elementor-align-center elementor-widget elementor-widget-button\" data-id=\"0d482e0\" data-element_type=\"widget\" data-e-type=\"widget\" data-widget_type=\"button.default\">\n\t\t\t\t<div class=\"elementor-widget-container\">\n\t\t\t\t\t\t\t\t\t<div class=\"elementor-button-wrapper\">\n\t\t\t\t\t<a class=\"elementor-button elementor-button-link elementor-size-sm\" href=\"#elementor-action%3Aaction%3Dpopup%3Aopen%26settings%3DeyJpZCI6IjY4ODYiLCJ0b2dnbGUiOmZhbHNlfQ%3D%3D\">\n\t\t\t\t\t\t<span class=\"elementor-button-content-wrapper\">\n\t\t\t\t\t\t\t\t\t<span class=\"elementor-button-text\">Prosciutto crudo nazionale \u00e2g\u00e9 d'au moins 16 mois<\/span>\n\t\t\t\t\t<\/span>\n\t\t\t\t\t<\/a>\n\t\t\t\t<\/div>\n\t\t\t\t\t\t\t\t<\/div>\n\t\t\t\t<\/div>\n\t\t\t\t<div class=\"elementor-element elementor-element-69bfcab elementor-widget__width-initial elementor-widget elementor-widget-text-editor\" data-id=\"69bfcab\" data-element_type=\"widget\" data-e-type=\"widget\" data-widget_type=\"text-editor.default\">\n\t\t\t\t<div class=\"elementor-widget-container\">\n\t\t\t\t\t\t\t\t\t<p style=\"text-align: center;\">130g<\/p>\n\t\t\t\t\t\t\t\t<\/div>\n\t\t\t\t<\/div>\n\t\t\t\t\t<\/div>\n\t\t<\/div>\n\t\t\t\t<div class=\"elementor-column elementor-col-25 elementor-top-column elementor-element elementor-element-880dec4\" data-id=\"880dec4\" data-element_type=\"column\" data-e-type=\"column\" data-settings=\"{&quot;background_background&quot;:&quot;classic&quot;}\">\n\t\t\t<div class=\"elementor-widget-wrap elementor-element-populated\">\n\t\t\t\t\t<div class=\"elementor-background-overlay\"><\/div>\n\t\t\t\t\t\t<div class=\"elementor-element elementor-element-874edc1 elementor-widget elementor-widget-image\" data-id=\"874edc1\" data-element_type=\"widget\" data-e-type=\"widget\" data-widget_type=\"image.default\">\n\t\t\t\t<div class=\"elementor-widget-container\">\n\t\t\t\t\t\t\t\t\t\t\t\t\t\t\t\t<a href=\"#elementor-action%3Aaction%3Dpopup%3Aopen%26settings%3DeyJpZCI6IjY4OTQiLCJ0b2dnbGUiOmZhbHNlfQ%3D%3D\">\n\t\t\t\t\t\t\t<img decoding=\"async\" width=\"430\" height=\"430\" src=\"https:\/\/www.corteparma.it\/wp-content\/uploads\/2024\/03\/immagine-prosciutto-cotto-nuvoletta-maxi-e1712066527425.jpg\" class=\"attachment-large size-large wp-image-6008\" alt=\"\" srcset=\"https:\/\/www.corteparma.it\/wp-content\/uploads\/2024\/03\/immagine-prosciutto-cotto-nuvoletta-maxi-e1712066527425.jpg 430w, https:\/\/www.corteparma.it\/wp-content\/uploads\/2024\/03\/immagine-prosciutto-cotto-nuvoletta-maxi-e1712066527425-300x300.jpg 300w, https:\/\/www.corteparma.it\/wp-content\/uploads\/2024\/03\/immagine-prosciutto-cotto-nuvoletta-maxi-e1712066527425-150x150.jpg 150w\" sizes=\"(max-width: 430px) 100vw, 430px\" \/>\t\t\t\t\t\t\t\t<\/a>\n\t\t\t\t\t\t\t\t\t\t\t\t\t\t\t<\/div>\n\t\t\t\t<\/div>\n\t\t\t\t<div class=\"elementor-element elementor-element-e38ac6f elementor-align-center elementor-widget elementor-widget-button\" data-id=\"e38ac6f\" data-element_type=\"widget\" data-e-type=\"widget\" data-widget_type=\"button.default\">\n\t\t\t\t<div class=\"elementor-widget-container\">\n\t\t\t\t\t\t\t\t\t<div class=\"elementor-button-wrapper\">\n\t\t\t\t\t<a class=\"elementor-button elementor-button-link elementor-size-sm\" href=\"#elementor-action%3Aaction%3Dpopup%3Aopen%26settings%3DeyJpZCI6IjY4OTQiLCJ0b2dnbGUiOmZhbHNlfQ%3D%3D\">\n\t\t\t\t\t\t<span class=\"elementor-button-content-wrapper\">\n\t\t\t\t\t\t\t\t\t<span class=\"elementor-button-text\">Prosciutto cotto nazionale<\/span>\n\t\t\t\t\t<\/span>\n\t\t\t\t\t<\/a>\n\t\t\t\t<\/div>\n\t\t\t\t\t\t\t\t<\/div>\n\t\t\t\t<\/div>\n\t\t\t\t<div class=\"elementor-element elementor-element-9457a76 elementor-widget__width-initial elementor-widget elementor-widget-text-editor\" data-id=\"9457a76\" data-element_type=\"widget\" data-e-type=\"widget\" data-widget_type=\"text-editor.default\">\n\t\t\t\t<div class=\"elementor-widget-container\">\n\t\t\t\t\t\t\t\t\t<p style=\"text-align: center;\">150g<\/p>\n\t\t\t\t\t\t\t\t<\/div>\n\t\t\t\t<\/div>\n\t\t\t\t\t<\/div>\n\t\t<\/div>\n\t\t\t\t<div class=\"elementor-column elementor-col-25 elementor-top-column elementor-element elementor-element-29a8de2\" data-id=\"29a8de2\" data-element_type=\"column\" data-e-type=\"column\" data-settings=\"{&quot;background_background&quot;:&quot;classic&quot;}\">\n\t\t\t<div class=\"elementor-widget-wrap elementor-element-populated\">\n\t\t\t\t\t<div class=\"elementor-background-overlay\"><\/div>\n\t\t\t\t\t\t<div class=\"elementor-element elementor-element-65c917d elementor-widget elementor-widget-image\" data-id=\"65c917d\" data-element_type=\"widget\" data-e-type=\"widget\" data-widget_type=\"image.default\">\n\t\t\t\t<div class=\"elementor-widget-container\">\n\t\t\t\t\t\t\t\t\t\t\t\t\t\t\t\t<a href=\"#elementor-action%3Aaction%3Dpopup%3Aopen%26settings%3DeyJpZCI6IjY4OTgiLCJ0b2dnbGUiOmZhbHNlfQ%3D%3D\">\n\t\t\t\t\t\t\t<img decoding=\"async\" width=\"430\" height=\"430\" src=\"https:\/\/www.corteparma.it\/wp-content\/uploads\/2024\/03\/immagine-mortadella-nuvoletta-maxi-e1712066572962.jpg\" class=\"attachment-large size-large wp-image-6009\" alt=\"\" srcset=\"https:\/\/www.corteparma.it\/wp-content\/uploads\/2024\/03\/immagine-mortadella-nuvoletta-maxi-e1712066572962.jpg 430w, https:\/\/www.corteparma.it\/wp-content\/uploads\/2024\/03\/immagine-mortadella-nuvoletta-maxi-e1712066572962-300x300.jpg 300w, https:\/\/www.corteparma.it\/wp-content\/uploads\/2024\/03\/immagine-mortadella-nuvoletta-maxi-e1712066572962-150x150.jpg 150w\" sizes=\"(max-width: 430px) 100vw, 430px\" \/>\t\t\t\t\t\t\t\t<\/a>\n\t\t\t\t\t\t\t\t\t\t\t\t\t\t\t<\/div>\n\t\t\t\t<\/div>\n\t\t\t\t<div class=\"elementor-element elementor-element-2670c19 elementor-align-center elementor-widget elementor-widget-button\" data-id=\"2670c19\" data-element_type=\"widget\" data-e-type=\"widget\" data-widget_type=\"button.default\">\n\t\t\t\t<div class=\"elementor-widget-container\">\n\t\t\t\t\t\t\t\t\t<div class=\"elementor-button-wrapper\">\n\t\t\t\t\t<a class=\"elementor-button elementor-button-link elementor-size-sm\" href=\"#elementor-action%3Aaction%3Dpopup%3Aopen%26settings%3DeyJpZCI6IjY4OTgiLCJ0b2dnbGUiOmZhbHNlfQ%3D%3D\">\n\t\t\t\t\t\t<span class=\"elementor-button-content-wrapper\">\n\t\t\t\t\t\t\t\t\t<span class=\"elementor-button-text\">Mortadella Favola<\/span>\n\t\t\t\t\t<\/span>\n\t\t\t\t\t<\/a>\n\t\t\t\t<\/div>\n\t\t\t\t\t\t\t\t<\/div>\n\t\t\t\t<\/div>\n\t\t\t\t<div class=\"elementor-element elementor-element-295cd33 elementor-widget__width-initial elementor-widget elementor-widget-text-editor\" data-id=\"295cd33\" data-element_type=\"widget\" data-e-type=\"widget\" data-widget_type=\"text-editor.default\">\n\t\t\t\t<div class=\"elementor-widget-container\">\n\t\t\t\t\t\t\t\t\t<p style=\"text-align: center;\">150g<\/p>\n\t\t\t\t\t\t\t\t<\/div>\n\t\t\t\t<\/div>\n\t\t\t\t\t<\/div>\n\t\t<\/div>\n\t\t\t\t<div class=\"elementor-column elementor-col-25 elementor-top-column elementor-element elementor-element-c947631\" data-id=\"c947631\" data-element_type=\"column\" data-e-type=\"column\" data-settings=\"{&quot;background_background&quot;:&quot;classic&quot;}\">\n\t\t\t<div class=\"elementor-widget-wrap elementor-element-populated\">\n\t\t\t\t\t<div class=\"elementor-background-overlay\"><\/div>\n\t\t\t\t\t\t<div class=\"elementor-element elementor-element-c0c11e5 elementor-widget elementor-widget-image\" data-id=\"c0c11e5\" data-element_type=\"widget\" data-e-type=\"widget\" data-widget_type=\"image.default\">\n\t\t\t\t<div class=\"elementor-widget-container\">\n\t\t\t\t\t\t\t\t\t\t\t\t\t\t\t\t<a href=\"#elementor-action%3Aaction%3Dpopup%3Aopen%26settings%3DeyJpZCI6IjY5MDMiLCJ0b2dnbGUiOmZhbHNlfQ%3D%3D\">\n\t\t\t\t\t\t\t<img loading=\"lazy\" decoding=\"async\" width=\"430\" height=\"430\" src=\"https:\/\/www.corteparma.it\/wp-content\/uploads\/2024\/03\/immagine-prosciutto-erbe-nuvoletta-maxi-e1712066596799.jpg\" class=\"attachment-large size-large wp-image-6013\" alt=\"\" srcset=\"https:\/\/www.corteparma.it\/wp-content\/uploads\/2024\/03\/immagine-prosciutto-erbe-nuvoletta-maxi-e1712066596799.jpg 430w, https:\/\/www.corteparma.it\/wp-content\/uploads\/2024\/03\/immagine-prosciutto-erbe-nuvoletta-maxi-e1712066596799-300x300.jpg 300w, https:\/\/www.corteparma.it\/wp-content\/uploads\/2024\/03\/immagine-prosciutto-erbe-nuvoletta-maxi-e1712066596799-150x150.jpg 150w\" sizes=\"(max-width: 430px) 100vw, 430px\" \/>\t\t\t\t\t\t\t\t<\/a>\n\t\t\t\t\t\t\t\t\t\t\t\t\t\t\t<\/div>\n\t\t\t\t<\/div>\n\t\t\t\t<div class=\"elementor-element elementor-element-e6e8d63 elementor-align-center elementor-widget elementor-widget-button\" data-id=\"e6e8d63\" data-element_type=\"widget\" data-e-type=\"widget\" data-widget_type=\"button.default\">\n\t\t\t\t<div class=\"elementor-widget-container\">\n\t\t\t\t\t\t\t\t\t<div class=\"elementor-button-wrapper\">\n\t\t\t\t\t<a class=\"elementor-button elementor-button-link elementor-size-sm\" href=\"#elementor-action%3Aaction%3Dpopup%3Aopen%26settings%3DeyJpZCI6IjY5MDMiLCJ0b2dnbGUiOmZhbHNlfQ%3D%3D\">\n\t\t\t\t\t\t<span class=\"elementor-button-content-wrapper\">\n\t\t\t\t\t\t\t\t\t<span class=\"elementor-button-text\">Prosciutto cotto alle erbe<\/span>\n\t\t\t\t\t<\/span>\n\t\t\t\t\t<\/a>\n\t\t\t\t<\/div>\n\t\t\t\t\t\t\t\t<\/div>\n\t\t\t\t<\/div>\n\t\t\t\t<div class=\"elementor-element elementor-element-6a45400 elementor-widget__width-initial elementor-widget elementor-widget-text-editor\" data-id=\"6a45400\" data-element_type=\"widget\" data-e-type=\"widget\" data-widget_type=\"text-editor.default\">\n\t\t\t\t<div class=\"elementor-widget-container\">\n\t\t\t\t\t\t\t\t\t<p style=\"text-align: center;\">150g<\/p>\n\t\t\t\t\t\t\t\t<\/div>\n\t\t\t\t<\/div>\n\t\t\t\t\t<\/div>\n\t\t<\/div>\n\t\t\t\t\t<\/div>\n\t\t<\/section>\n\t\t\t\t<\/div>\n\t\t","protected":false},"excerpt":{"rendered":"<p>CHARCUTERIENUVOLETTA MAXI Des tranches ultrafines compar\u00e9 \u00e0 la moyenne du march\u00e9, pour une explosion imm\u00e9diate de saveur.La m\u00eame fra\u00eecheur et le m\u00eame go\u00fbt que les Nuvolette mais en format familial. 140 g &#8211; 180 g Prosciutto crudo nazionale \u00e2g\u00e9 d&rsquo;au moins 16 mois 130g Prosciutto cotto nazionale 150g Mortadella Favola 150g Prosciutto cotto alle erbe &#8230; <a title=\"Nuvoletta Maxi\" class=\"read-more\" href=\"https:\/\/www.corteparma.it\/fr\/charcuterie\/nuvoletta-maxi\/\" aria-label=\"En savoir plus sur Nuvoletta Maxi\">Lire la suite<\/a><\/p>\n","protected":false},"author":1,"featured_media":0,"parent":7915,"menu_order":0,"comment_status":"closed","ping_status":"closed","template":"","meta":{"footnotes":""},"class_list":["post-8024","page","type-page","status-publish"],"yoast_head":"<!-- This site is optimized with the Yoast SEO plugin v27.5 - https:\/\/yoast.com\/product\/yoast-seo-wordpress\/ -->\n<title>Corte Parma - Salumi, la gamma Nuvoletta Maxi<\/title>\n<meta name=\"robots\" content=\"index, follow, max-snippet:-1, max-image-preview:large, max-video-preview:-1\" \/>\n<link rel=\"canonical\" href=\"https:\/\/www.corteparma.it\/i-nostri-salumi\/nuvoletta-maxi\/\" \/>\n<meta property=\"og:locale\" content=\"fr_FR\" \/>\n<meta property=\"og:type\" content=\"article\" \/>\n<meta property=\"og:title\" content=\"Corte Parma - Salumi, la gamma Nuvoletta Maxi\" \/>\n<meta property=\"og:description\" content=\"CHARCUTERIENUVOLETTA MAXI Des tranches ultrafines compar\u00e9 \u00e0 la moyenne du march\u00e9, pour une explosion imm\u00e9diate de saveur.La m\u00eame fra\u00eecheur et le m\u00eame go\u00fbt que les Nuvolette mais en format familial. 140 g &#8211; 180 g Prosciutto crudo nazionale \u00e2g\u00e9 d&rsquo;au moins 16 mois 130g Prosciutto cotto nazionale 150g Mortadella Favola 150g Prosciutto cotto alle erbe ... Lire la suite\" \/>\n<meta property=\"og:url\" content=\"https:\/\/www.corteparma.it\/i-nostri-salumi\/nuvoletta-maxi\/\" \/>\n<meta property=\"og:site_name\" content=\"Corte Parma\" \/>\n<meta property=\"article:modified_time\" content=\"2025-02-24T16:13:01+00:00\" \/>\n<meta property=\"og:image\" content=\"https:\/\/www.corteparma.it\/wp-content\/uploads\/2024\/03\/immagine-prosciutto-crudo-nuvoletta-maxi-e1712066491779.jpg\" \/>\n\t<meta property=\"og:image:width\" content=\"430\" \/>\n\t<meta property=\"og:image:height\" content=\"430\" \/>\n\t<meta property=\"og:image:type\" content=\"image\/jpeg\" \/>\n<meta name=\"twitter:card\" content=\"summary_large_image\" \/>\n<meta name=\"twitter:label1\" content=\"Dur\u00e9e de lecture estim\u00e9e\" \/>\n\t<meta name=\"twitter:data1\" content=\"2 minutes\" \/>\n<script type=\"application\/ld+json\" class=\"yoast-schema-graph\">{\"@context\":\"https:\\\/\\\/schema.org\",\"@graph\":[{\"@type\":\"WebPage\",\"@id\":\"https:\\\/\\\/www.corteparma.it\\\/i-nostri-salumi\\\/nuvoletta-maxi\\\/\",\"url\":\"https:\\\/\\\/www.corteparma.it\\\/i-nostri-salumi\\\/nuvoletta-maxi\\\/\",\"name\":\"Corte Parma - Salumi, la gamma Nuvoletta Maxi\",\"isPartOf\":{\"@id\":\"https:\\\/\\\/www.corteparma.it\\\/#website\"},\"primaryImageOfPage\":{\"@id\":\"https:\\\/\\\/www.corteparma.it\\\/i-nostri-salumi\\\/nuvoletta-maxi\\\/#primaryimage\"},\"image\":{\"@id\":\"https:\\\/\\\/www.corteparma.it\\\/i-nostri-salumi\\\/nuvoletta-maxi\\\/#primaryimage\"},\"thumbnailUrl\":\"https:\\\/\\\/www.corteparma.it\\\/wp-content\\\/uploads\\\/2024\\\/03\\\/immagine-prosciutto-crudo-nuvoletta-maxi-e1712066491779.jpg\",\"datePublished\":\"2024-03-05T18:30:10+00:00\",\"dateModified\":\"2025-02-24T16:13:01+00:00\",\"breadcrumb\":{\"@id\":\"https:\\\/\\\/www.corteparma.it\\\/i-nostri-salumi\\\/nuvoletta-maxi\\\/#breadcrumb\"},\"inLanguage\":\"fr-FR\",\"potentialAction\":[{\"@type\":\"ReadAction\",\"target\":[\"https:\\\/\\\/www.corteparma.it\\\/i-nostri-salumi\\\/nuvoletta-maxi\\\/\"]}]},{\"@type\":\"ImageObject\",\"inLanguage\":\"fr-FR\",\"@id\":\"https:\\\/\\\/www.corteparma.it\\\/i-nostri-salumi\\\/nuvoletta-maxi\\\/#primaryimage\",\"url\":\"https:\\\/\\\/www.corteparma.it\\\/wp-content\\\/uploads\\\/2024\\\/03\\\/immagine-prosciutto-crudo-nuvoletta-maxi-e1712066491779.jpg\",\"contentUrl\":\"https:\\\/\\\/www.corteparma.it\\\/wp-content\\\/uploads\\\/2024\\\/03\\\/immagine-prosciutto-crudo-nuvoletta-maxi-e1712066491779.jpg\"},{\"@type\":\"BreadcrumbList\",\"@id\":\"https:\\\/\\\/www.corteparma.it\\\/i-nostri-salumi\\\/nuvoletta-maxi\\\/#breadcrumb\",\"itemListElement\":[{\"@type\":\"ListItem\",\"position\":1,\"name\":\"Home\",\"item\":\"https:\\\/\\\/www.corteparma.it\\\/\"},{\"@type\":\"ListItem\",\"position\":2,\"name\":\"Charcuterie\",\"item\":\"https:\\\/\\\/www.corteparma.it\\\/i-nostri-salumi\\\/\"},{\"@type\":\"ListItem\",\"position\":3,\"name\":\"Nuvoletta Maxi\"}]},{\"@type\":\"WebSite\",\"@id\":\"https:\\\/\\\/www.corteparma.it\\\/#website\",\"url\":\"https:\\\/\\\/www.corteparma.it\\\/\",\"name\":\"Corte Parma\",\"description\":\"\",\"potentialAction\":[{\"@type\":\"SearchAction\",\"target\":{\"@type\":\"EntryPoint\",\"urlTemplate\":\"https:\\\/\\\/www.corteparma.it\\\/?s={search_term_string}\"},\"query-input\":{\"@type\":\"PropertyValueSpecification\",\"valueRequired\":true,\"valueName\":\"search_term_string\"}}],\"inLanguage\":\"fr-FR\"}]}<\/script>\n<!-- \/ Yoast SEO plugin. -->","yoast_head_json":{"title":"Corte Parma - Salumi, la gamma Nuvoletta Maxi","robots":{"index":"index","follow":"follow","max-snippet":"max-snippet:-1","max-image-preview":"max-image-preview:large","max-video-preview":"max-video-preview:-1"},"canonical":"https:\/\/www.corteparma.it\/i-nostri-salumi\/nuvoletta-maxi\/","og_locale":"fr_FR","og_type":"article","og_title":"Corte Parma - Salumi, la gamma Nuvoletta Maxi","og_description":"CHARCUTERIENUVOLETTA MAXI Des tranches ultrafines compar\u00e9 \u00e0 la moyenne du march\u00e9, pour une explosion imm\u00e9diate de saveur.La m\u00eame fra\u00eecheur et le m\u00eame go\u00fbt que les Nuvolette mais en format familial. 140 g &#8211; 180 g Prosciutto crudo nazionale \u00e2g\u00e9 d&rsquo;au moins 16 mois 130g Prosciutto cotto nazionale 150g Mortadella Favola 150g Prosciutto cotto alle erbe ... Lire la suite","og_url":"https:\/\/www.corteparma.it\/i-nostri-salumi\/nuvoletta-maxi\/","og_site_name":"Corte Parma","article_modified_time":"2025-02-24T16:13:01+00:00","og_image":[{"width":430,"height":430,"url":"https:\/\/www.corteparma.it\/wp-content\/uploads\/2024\/03\/immagine-prosciutto-crudo-nuvoletta-maxi-e1712066491779.jpg","type":"image\/jpeg"}],"twitter_card":"summary_large_image","twitter_misc":{"Dur\u00e9e de lecture estim\u00e9e":"2 minutes"},"schema":{"@context":"https:\/\/schema.org","@graph":[{"@type":"WebPage","@id":"https:\/\/www.corteparma.it\/i-nostri-salumi\/nuvoletta-maxi\/","url":"https:\/\/www.corteparma.it\/i-nostri-salumi\/nuvoletta-maxi\/","name":"Corte Parma - Salumi, la gamma Nuvoletta Maxi","isPartOf":{"@id":"https:\/\/www.corteparma.it\/#website"},"primaryImageOfPage":{"@id":"https:\/\/www.corteparma.it\/i-nostri-salumi\/nuvoletta-maxi\/#primaryimage"},"image":{"@id":"https:\/\/www.corteparma.it\/i-nostri-salumi\/nuvoletta-maxi\/#primaryimage"},"thumbnailUrl":"https:\/\/www.corteparma.it\/wp-content\/uploads\/2024\/03\/immagine-prosciutto-crudo-nuvoletta-maxi-e1712066491779.jpg","datePublished":"2024-03-05T18:30:10+00:00","dateModified":"2025-02-24T16:13:01+00:00","breadcrumb":{"@id":"https:\/\/www.corteparma.it\/i-nostri-salumi\/nuvoletta-maxi\/#breadcrumb"},"inLanguage":"fr-FR","potentialAction":[{"@type":"ReadAction","target":["https:\/\/www.corteparma.it\/i-nostri-salumi\/nuvoletta-maxi\/"]}]},{"@type":"ImageObject","inLanguage":"fr-FR","@id":"https:\/\/www.corteparma.it\/i-nostri-salumi\/nuvoletta-maxi\/#primaryimage","url":"https:\/\/www.corteparma.it\/wp-content\/uploads\/2024\/03\/immagine-prosciutto-crudo-nuvoletta-maxi-e1712066491779.jpg","contentUrl":"https:\/\/www.corteparma.it\/wp-content\/uploads\/2024\/03\/immagine-prosciutto-crudo-nuvoletta-maxi-e1712066491779.jpg"},{"@type":"BreadcrumbList","@id":"https:\/\/www.corteparma.it\/i-nostri-salumi\/nuvoletta-maxi\/#breadcrumb","itemListElement":[{"@type":"ListItem","position":1,"name":"Home","item":"https:\/\/www.corteparma.it\/"},{"@type":"ListItem","position":2,"name":"Charcuterie","item":"https:\/\/www.corteparma.it\/i-nostri-salumi\/"},{"@type":"ListItem","position":3,"name":"Nuvoletta Maxi"}]},{"@type":"WebSite","@id":"https:\/\/www.corteparma.it\/#website","url":"https:\/\/www.corteparma.it\/","name":"Corte Parma","description":"","potentialAction":[{"@type":"SearchAction","target":{"@type":"EntryPoint","urlTemplate":"https:\/\/www.corteparma.it\/?s={search_term_string}"},"query-input":{"@type":"PropertyValueSpecification","valueRequired":true,"valueName":"search_term_string"}}],"inLanguage":"fr-FR"}]}},"_links":{"self":[{"href":"https:\/\/www.corteparma.it\/fr\/wp-json\/wp\/v2\/pages\/8024","targetHints":{"allow":["GET"]}}],"collection":[{"href":"https:\/\/www.corteparma.it\/fr\/wp-json\/wp\/v2\/pages"}],"about":[{"href":"https:\/\/www.corteparma.it\/fr\/wp-json\/wp\/v2\/types\/page"}],"author":[{"embeddable":true,"href":"https:\/\/www.corteparma.it\/fr\/wp-json\/wp\/v2\/users\/1"}],"replies":[{"embeddable":true,"href":"https:\/\/www.corteparma.it\/fr\/wp-json\/wp\/v2\/comments?post=8024"}],"version-history":[{"count":4,"href":"https:\/\/www.corteparma.it\/fr\/wp-json\/wp\/v2\/pages\/8024\/revisions"}],"predecessor-version":[{"id":8250,"href":"https:\/\/www.corteparma.it\/fr\/wp-json\/wp\/v2\/pages\/8024\/revisions\/8250"}],"up":[{"embeddable":true,"href":"https:\/\/www.corteparma.it\/fr\/wp-json\/wp\/v2\/pages\/7915"}],"wp:attachment":[{"href":"https:\/\/www.corteparma.it\/fr\/wp-json\/wp\/v2\/media?parent=8024"}],"curies":[{"name":"wp","href":"https:\/\/api.w.org\/{rel}","templated":true}]}}